{"id":307,"date":"2024-11-03T16:26:48","date_gmt":"2024-11-03T16:26:48","guid":{"rendered":"http:\/\/art.vigdis.dk\/?page_id=307"},"modified":"2026-08-13T11:23:39","modified_gmt":"2026-08-13T11:23:39","slug":"about","status":"publish","type":"page","link":"https:\/\/vigdis.dk\/da\/about\/","title":{"rendered":"Om"},"content":{"rendered":"<p>[et_pb_section fb_built=&#8221;1&#8243; _builder_version=&#8221;4.27.2&#8243; _module_preset=&#8221;default&#8221; da_disable_devices=&#8221;off|off|off&#8221; global_colors_info=&#8221;{}&#8221; da_is_popup=&#8221;off&#8221; da_exit_intent=&#8221;off&#8221; da_has_close=&#8221;on&#8221; da_alt_close=&#8221;off&#8221; da_dark_close=&#8221;off&#8221; da_not_modal=&#8221;on&#8221; da_is_singular=&#8221;off&#8221; da_with_loader=&#8221;off&#8221; da_has_shadow=&#8221;on&#8221;][et_pb_row _builder_version=&#8221;4.27.4&#8243; _module_preset=&#8221;default&#8221; global_colors_info=&#8221;{}&#8221;][et_pb_column type=&#8221;4_4&#8243; _builder_version=&#8221;4.27.2&#8243; _module_preset=&#8221;default&#8221; global_colors_info=&#8221;{}&#8221;][et_pb_text _builder_version=&#8221;4.27.4&#8243; _module_preset=&#8221;default&#8221; header_2_letter_spacing=&#8221;4px&#8221; global_colors_info=&#8221;{}&#8221;]<\/p>\n<h2>About\u00a0<\/h2>\n<p>[\/et_pb_text][\/et_pb_column][\/et_pb_row][et_pb_row column_structure=&#8221;1_2,1_2&#8243; _builder_version=&#8221;4.27.2&#8243; _module_preset=&#8221;default&#8221; custom_margin=&#8221;-1px||||false|false&#8221; custom_padding=&#8221;0px||||false|false&#8221; global_colors_info=&#8221;{}&#8221;][et_pb_column type=&#8221;1_2&#8243; _builder_version=&#8221;4.27.2&#8243; _module_preset=&#8221;default&#8221; global_colors_info=&#8221;{}&#8221;][et_pb_text _builder_version=&#8221;4.27.5&#8243; _module_preset=&#8221;default&#8221; text_line_height=&#8221;1.4em&#8221; global_colors_info=&#8221;{}&#8221;]<\/p>\n<p>The artist V\u00edgdis Petersen Hoegagard has regularly through her professional life, which consists of very varied artistic activities, returned to a minimalist style where she concentrates on the exploration of pure form. These \u00b4minimalist stages` the artist herself describes as an attempt to reset the mind, purify the mind and open up for new movements, but nevertheless it is during these periods that her major works were created.<\/p>\n<p>In the 1990s she worked with the series \u2018Kv\u00e6\u00f0abrot\u00b4 (pieces of old ballads), which consists of a number of ceramic cube forms and in recent years, she has worked with the work series \u00b4Lumina`. \u00b4Lumina` is created in raw burned stoneware and shaped as open boxes. The strict minimalism that characterizes this form, however, is broken by the varied play of the beam inside the sculpture. At the top of the sculpture is a piece taken away so the light is allowed to penetrate, and to make room for this light invasion V\u00edgdis Petersen Hoegagard gives also room to have the pure form broken. She allows chance play into the managed and that the complex will have room in the simple and the mystical enters the minimalist style. V\u00edgdis Petersen Hoegagard\u00b4s\u00a0 work \u00b4Lumina` shows us in this a new idea we might not immediately associate with minimalism. It shows us that minimalism has anything other than basic geometric shapes, and anonymous materials and minimalist works that are not necessarily empty of internal content.<\/p>\n<p>For even though the sculptures are composed of simple shapes or elements, which is repeated in modules, as we know it from minimalism, so even the rigorous will be alive in V\u00edgdis Petersen Hoegagard\u00b4s hands and the architectural will be more organic than mechanical. At the same time the artist herself is a part of the series, and the minimalist principle that the artist\u2019s presence in power must be minimized broken or reinterpreted. V\u00edgdis Petersen offers not only space for an interplay between the raw and delicate, between heaviness and lightness and substance between equality and immaterial, she also opens up a personal dimension to the seemingly tight and simple, and she opens up the possibility of content and importance of a minimalist work of art.<\/p>\n<p style=\"text-align: right;\"><em>Inger Sm\u00e6rup S\u00f8rensen<\/em><\/p>\n<p>[\/et_pb_text][\/et_pb_column][et_pb_column type=&#8221;1_2&#8243; _builder_version=&#8221;4.27.2&#8243; _module_preset=&#8221;default&#8221; global_colors_info=&#8221;{}&#8221;][et_pb_image src=&#8221;https:\/\/vigdis.dk\/wp-content\/uploads\/2024\/11\/Theo-og-Vigdis-scaled.jpg&#8221; title_text=&#8221;Theo og Vigdis&#8221; _builder_version=&#8221;4.27.7&#8243; _module_preset=&#8221;default&#8221; global_colors_info=&#8221;{}&#8221;][\/et_pb_image][et_pb_text _builder_version=&#8221;4.27.2&#8243; _module_preset=&#8221;default&#8221; text_font=&#8221;||on||||||&#8221; text_font_size=&#8221;12px&#8221; text_line_height=&#8221;1em&#8221; text_orientation=&#8221;right&#8221; custom_margin=&#8221;-23px||||false|false&#8221; custom_padding=&#8221;0px||||false|false&#8221; global_colors_info=&#8221;{}&#8221;]<\/p>\n<p>V\u00edgdis with her husband Theodor in Japan 2006<\/p>\n<p>[\/et_pb_text][\/et_pb_column][\/et_pb_row][\/et_pb_section][et_pb_section fb_built=&#8221;1&#8243; _builder_version=&#8221;4.27.4&#8243; _module_preset=&#8221;default&#8221; background_color=&#8221;#f2f2f2&#8243; custom_margin=&#8221;0px||0px||false|false&#8221; custom_padding=&#8221;30px||60px||false|false&#8221; da_disable_devices=&#8221;off|off|off&#8221; global_colors_info=&#8221;{}&#8221; da_is_popup=&#8221;off&#8221; da_exit_intent=&#8221;off&#8221; da_has_close=&#8221;on&#8221; da_alt_close=&#8221;off&#8221; da_dark_close=&#8221;off&#8221; da_not_modal=&#8221;on&#8221; da_is_singular=&#8221;off&#8221; da_with_loader=&#8221;off&#8221; da_has_shadow=&#8221;on&#8221;][et_pb_row _builder_version=&#8221;4.27.2&#8243; _module_preset=&#8221;default&#8221; global_colors_info=&#8221;{}&#8221;][et_pb_column type=&#8221;4_4&#8243; _builder_version=&#8221;4.27.2&#8243; _module_preset=&#8221;default&#8221; global_colors_info=&#8221;{}&#8221;][et_pb_text _builder_version=&#8221;4.27.2&#8243; _module_preset=&#8221;default&#8221; header_2_text_align=&#8221;center&#8221; header_2_letter_spacing=&#8221;4px&#8221; global_colors_info=&#8221;{}&#8221;]<\/p>\n<h2>Exhibitions<\/h2>\n<p>[\/et_pb_text][\/et_pb_column][\/et_pb_row][et_pb_row _builder_version=&#8221;4.27.4&#8243; _module_preset=&#8221;default&#8221; custom_margin=&#8221;||0px||false|false&#8221; custom_padding=&#8221;||0px||false|false&#8221; global_colors_info=&#8221;{}&#8221;][et_pb_column type=&#8221;4_4&#8243; _builder_version=&#8221;4.27.2&#8243; _module_preset=&#8221;default&#8221; global_colors_info=&#8221;{}&#8221;][et_pb_slider _builder_version=&#8221;4.27.7&#8243; _module_preset=&#8221;default&#8221; header_font=&#8221;|300|||||||&#8221; header_text_color=&#8221;#FFFFFF&#8221; header_font_size=&#8221;24px&#8221; header_line_height=&#8221;1.4em&#8221; max_width=&#8221;1200px&#8221; min_height=&#8221;686px&#8221; min_height_tablet=&#8221;686px&#8221; min_height_phone=&#8221;auto&#8221; min_height_last_edited=&#8221;on|desktop&#8221; custom_margin=&#8221;||0px||false|false&#8221; custom_padding=&#8221;||0px||false|false&#8221; auto=&#8221;on&#8221; auto_speed=&#8221;5000&#8243; hover_enabled=&#8221;0&#8243; global_colors_info=&#8221;{}&#8221; sticky_enabled=&#8221;0&#8243;][et_pb_slide heading=&#8221;North Atlantic House &#8211; Copenhagen 2025&#8243; use_bg_overlay=&#8221;on&#8221; use_text_overlay=&#8221;off&#8221; _builder_version=&#8221;4.27.7&#8243; _module_preset=&#8221;default&#8221; header_font_size=&#8221;24px&#8221; header_letter_spacing=&#8221;2px&#8221; background_color=&#8221;RGBA(255,255,255,0)&#8221; background_enable_color=&#8221;on&#8221; background_image=&#8221;https:\/\/vigdis.dk\/wp-content\/uploads\/2025\/10\/udstilling-nord-atlantic-kvaedabrot-2025.jpg&#8221; background_enable_image=&#8221;on&#8221; global_colors_info=&#8221;{}&#8221; sticky_transition=&#8221;on&#8221;][\/et_pb_slide][et_pb_slide heading=&#8221;The National Gallery &#8211; Faroe Islands &#8211; 2024&#8243; use_bg_overlay=&#8221;on&#8221; use_text_overlay=&#8221;off&#8221; _builder_version=&#8221;4.27.7&#8243; _module_preset=&#8221;default&#8221; header_font_size=&#8221;24px&#8221; header_letter_spacing=&#8221;2px&#8221; background_color=&#8221;RGBA(255,255,255,0)&#8221; background_enable_color=&#8221;on&#8221; background_image=&#8221;https:\/\/vigdis.dk\/wp-content\/uploads\/2024\/11\/udstilling15.jpg&#8221; background_enable_image=&#8221;on&#8221; global_colors_info=&#8221;{}&#8221; sticky_transition=&#8221;on&#8221;][\/et_pb_slide][et_pb_slide heading=&#8221;The National Gallery &#8211; Faroe Islands &#8211; 2002&#8243; use_bg_overlay=&#8221;on&#8221; use_text_overlay=&#8221;off&#8221; _builder_version=&#8221;4.27.7&#8243; _module_preset=&#8221;default&#8221; header_font_size=&#8221;24px&#8221; header_letter_spacing=&#8221;2px&#8221; background_color=&#8221;RGBA(255,255,255,0)&#8221; background_enable_color=&#8221;on&#8221; background_image=&#8221;https:\/\/vigdis.dk\/wp-content\/uploads\/2024\/11\/udstilling10.jpg&#8221; background_enable_image=&#8221;on&#8221; global_colors_info=&#8221;{}&#8221; sticky_transition=&#8221;on&#8221;][\/et_pb_slide][et_pb_slide heading=&#8221;Den Frie Udstillingsbygning &#8211; Osla Plads 1 &#8211; 1999&#8243; use_bg_overlay=&#8221;on&#8221; use_text_overlay=&#8221;off&#8221; _builder_version=&#8221;4.27.7&#8243; _module_preset=&#8221;default&#8221; header_font_size=&#8221;24px&#8221; header_letter_spacing=&#8221;2px&#8221; background_color=&#8221;RGBA(255,255,255,0)&#8221; background_enable_color=&#8221;on&#8221; background_image=&#8221;https:\/\/vigdis.dk\/wp-content\/uploads\/2024\/11\/udstilling.jpg&#8221; background_enable_image=&#8221;on&#8221; global_colors_info=&#8221;{}&#8221; sticky_transition=&#8221;on&#8221;][\/et_pb_slide][et_pb_slide heading=&#8221;The National Gallery &#8211; Faroe Islands &#8211; 1997&#8243; use_bg_overlay=&#8221;on&#8221; use_text_overlay=&#8221;off&#8221; _builder_version=&#8221;4.27.7&#8243; _module_preset=&#8221;default&#8221; header_font_size=&#8221;24px&#8221; header_letter_spacing=&#8221;2px&#8221; background_color=&#8221;RGBA(255,255,255,0)&#8221; background_enable_color=&#8221;on&#8221; background_image=&#8221;https:\/\/vigdis.dk\/wp-content\/uploads\/2025\/01\/vigdis-paa-udstilling.jpg&#8221; background_enable_image=&#8221;on&#8221; global_colors_info=&#8221;{}&#8221; sticky_transition=&#8221;on&#8221;][\/et_pb_slide][et_pb_slide heading=&#8221;Danmarks Designskole &#8211; Copenhagen- 1995&#8243; use_bg_overlay=&#8221;on&#8221; use_text_overlay=&#8221;off&#8221; _builder_version=&#8221;4.27.7&#8243; _module_preset=&#8221;default&#8221; header_font_size=&#8221;24px&#8221; header_letter_spacing=&#8221;2px&#8221; background_color=&#8221;RGBA(255,255,255,0)&#8221; background_enable_color=&#8221;on&#8221; background_image=&#8221;https:\/\/vigdis.dk\/wp-content\/uploads\/2024\/11\/udstilling6.jpg&#8221; background_enable_image=&#8221;on&#8221; global_colors_info=&#8221;{}&#8221; sticky_transition=&#8221;on&#8221;][\/et_pb_slide][et_pb_slide heading=&#8221;The National Gallery &#8211; Faroe Islands &#8211; 1994&#8243; use_bg_overlay=&#8221;on&#8221; use_text_overlay=&#8221;off&#8221; _builder_version=&#8221;4.27.7&#8243; _module_preset=&#8221;default&#8221; header_font_size=&#8221;24px&#8221; header_letter_spacing=&#8221;2px&#8221; background_color=&#8221;RGBA(255,255,255,0)&#8221; background_enable_color=&#8221;on&#8221; background_image=&#8221;https:\/\/vigdis.dk\/wp-content\/uploads\/2024\/11\/udstilling5.jpg&#8221; background_enable_image=&#8221;on&#8221; global_colors_info=&#8221;{}&#8221; sticky_transition=&#8221;on&#8221;][\/et_pb_slide][\/et_pb_slider][\/et_pb_column][\/et_pb_row][\/et_pb_section][et_pb_section fb_built=&#8221;1&#8243; _builder_version=&#8221;4.27.2&#8243; _module_preset=&#8221;default&#8221; background_color=&#8221;#FFFFFF&#8221; custom_margin=&#8221;||||false|false&#8221; custom_padding=&#8221;30px||30px||true|false&#8221; da_disable_devices=&#8221;off|off|off&#8221; global_colors_info=&#8221;{}&#8221; da_is_popup=&#8221;off&#8221; da_exit_intent=&#8221;off&#8221; da_has_close=&#8221;on&#8221; da_alt_close=&#8221;off&#8221; da_dark_close=&#8221;off&#8221; da_not_modal=&#8221;on&#8221; da_is_singular=&#8221;off&#8221; da_with_loader=&#8221;off&#8221; da_has_shadow=&#8221;on&#8221;][et_pb_row column_structure=&#8221;1_2,1_2&#8243; _builder_version=&#8221;4.27.2&#8243; _module_preset=&#8221;default&#8221; global_colors_info=&#8221;{}&#8221;][et_pb_column type=&#8221;1_2&#8243; _builder_version=&#8221;4.27.2&#8243; _module_preset=&#8221;default&#8221; global_colors_info=&#8221;{}&#8221;][et_pb_text _builder_version=&#8221;4.27.4&#8243; _module_preset=&#8221;default&#8221; text_font_size=&#8221;16px&#8221; header_text_align=&#8221;left&#8221; header_text_color=&#8221;#000000&#8243; header_2_text_align=&#8221;left&#8221; header_2_font_size=&#8221;28px&#8221; header_3_font=&#8221;|600|||||||&#8221; header_3_text_align=&#8221;left&#8221; header_3_text_color=&#8221;#30b9ce&#8221; header_3_font_size=&#8221;20px&#8221; header_4_font=&#8221;|600|||||||&#8221; header_4_font_size=&#8221;17px&#8221; custom_margin=&#8221;||0px||false|false&#8221; custom_padding=&#8221;0px||20px||false|false&#8221; header_2_text_align_tablet=&#8221;left&#8221; header_2_text_align_phone=&#8221;center&#8221; header_2_text_align_last_edited=&#8221;on|phone&#8221; header_3_text_align_tablet=&#8221;left&#8221; header_3_text_align_phone=&#8221;center&#8221; header_3_text_align_last_edited=&#8221;on|phone&#8221; text_orientation_tablet=&#8221;&#8221; text_orientation_phone=&#8221;center&#8221; text_orientation_last_edited=&#8221;on|phone&#8221; global_colors_info=&#8221;{}&#8221;]<\/p>\n<h2 id=\"cv\">CV<\/h2>\n<h3>Curriculum Vitae<\/h3>\n<p>V\u00edgdis Petersen H\u00f8gagar\u00f0<br \/>Born 1966, T\u00f3rshavn, Faroe Islands<\/p>\n<p>[\/et_pb_text][et_pb_accordion open_toggle_text_color=&#8221;#30b9ce&#8221; _builder_version=&#8221;4.27.5&#8243; _module_preset=&#8221;default&#8221; toggle_font=&#8221;|600|||||||&#8221; toggle_font_size=&#8221;20px&#8221; toggle_letter_spacing=&#8221;1px&#8221; custom_margin=&#8221;20px||20px||false|false&#8221; custom_padding=&#8221;10px||0px||false|false&#8221; global_colors_info=&#8221;{}&#8221;][et_pb_accordion_item title=&#8221;Selected education&#8221; open=&#8221;on&#8221; open_toggle_text_color=&#8221;#30b9ce&#8221; _builder_version=&#8221;4.27.5&#8243; _module_preset=&#8221;default&#8221; custom_margin=&#8221;||10px||false|false&#8221; global_colors_info=&#8221;{}&#8221; toggle_level=&#8221;h3&#8243; toggle_font=&#8221;|600|||||||&#8221; toggle_font_size=&#8221;20px&#8221; toggle_letter_spacing=&#8221;1px&#8221; toggle_line_height=&#8221;1em&#8221;]<\/p>\n<p><strong>2002 \u2013 2008<\/strong>: Cand.it. in Design; Communication and Media at IT-University, Copenhagen.<br \/><strong>1991 \u2013 1996<\/strong>: DDS: Institute for Uniqueness: Shape transformation: \u201cFragments of Ballads\u201d.<\/p>\n<p>[\/et_pb_accordion_item][et_pb_accordion_item title=&#8221;Education&#8221; open_toggle_text_color=&#8221;#30b9ce&#8221; _builder_version=&#8221;4.27.4&#8243; _module_preset=&#8221;default&#8221; global_colors_info=&#8221;{}&#8221; toggle_level=&#8221;h3&#8243; toggle_font=&#8221;|600|||||||&#8221; toggle_font_size=&#8221;20px&#8221; toggle_letter_spacing=&#8221;1px&#8221; open=&#8221;off&#8221;]<\/p>\n<p><strong>2010 \u2013 2011<\/strong>: Coordinator with Synergy, T\u00f3rshavn<br \/><strong>2002 \u2013 2008<\/strong>: Cand.it. in Design; Communication and Media at IT-University, Copenhagen<br \/><strong>2000 \u2013 2001<\/strong>: Multimedia Designer Institute of Multimedia, Cph<br \/><strong>1999 \u2013 2000<\/strong>: Multimedia Art &amp; Design. VUC, Valby and MMI, NV<br \/><strong>1991 \u2013 1996:<\/strong> DDS: Institute for Unique: transformation: \u201cFragments of Ballads\u201d<br \/><strong>1987 \u2013 1989<\/strong>: Technical Assistant, internship with the architect \u00c1rni Winther, T\u00f3rshavn<\/p>\n<p>[\/et_pb_accordion_item][\/et_pb_accordion][et_pb_accordion open_toggle_text_color=&#8221;#30b9ce&#8221; _builder_version=&#8221;4.27.7&#8243; _module_preset=&#8221;default&#8221; toggle_font=&#8221;|600|||||||&#8221; toggle_font_size=&#8221;20px&#8221; toggle_letter_spacing=&#8221;1px&#8221; custom_margin=&#8221;40px||20px||false|false&#8221; custom_padding=&#8221;10px||0px||false|false&#8221; global_colors_info=&#8221;{}&#8221;][et_pb_accordion_item title=&#8221;Selected Courses&#8221; open=&#8221;on&#8221; content_last_edited=&#8221;off|desktop&#8221; _builder_version=&#8221;4.27.4&#8243; _module_preset=&#8221;default&#8221; custom_margin=&#8221;0px||10px||false|false&#8221; custom_padding=&#8221;||||false|false&#8221; global_colors_info=&#8221;{}&#8221;]<\/p>\n<p><strong>2025:<\/strong> SVFK Plaster-workshop\u00a0 via BKF<br \/><strong>2024:<\/strong> SVFK Modeling\/sculpting\u00a0 in clay and glaze-workshop via BKF<br \/><strong>2023:<\/strong> Altenative firing- workshop, ceramic.dk<br \/><strong>2022:<\/strong> Modeling and glaze workshop, Victora Ceramic Studio, Cph<\/p>\n<p>[\/et_pb_accordion_item][et_pb_accordion_item title=&#8221;All Courses&#8221; _builder_version=&#8221;4.27.7&#8243; _module_preset=&#8221;default&#8221; global_colors_info=&#8221;{}&#8221; open=&#8221;off&#8221;]<\/p>\n<p><strong>2025:<\/strong> SVFK Plaster-workshop\u00a0 via BKF<br \/><strong>2024:<\/strong> SVFK Modelling\/sculpting\u00a0 in clay and glaze-workshop via BKF<br \/><strong>2023:<\/strong> Altenative firing- workshop, ceramic.dk<br \/><strong>2023:<\/strong> Silicone- workshop with <span style=\"font-weight: 400;\">Michael Schultz, Art Fabrication, Cpn<\/span><br \/><strong>2023:<\/strong> Plaster-workshop, Guldagergaard, ceramic.dk<br \/><strong>2022:<\/strong> Glaze-workshop, Guldagergaard, ceramic.dk<br \/><strong>2023:<\/strong> Throwing clay -workshop, cerama.dk<br \/><strong>2022:<\/strong> Modelling and Glaze workshop, Victora Ceramic Studio Cph<br \/><strong>2016:<\/strong>\u00a0Creative education with Dorthe Walbum, Cph<br \/><strong>2013<\/strong>: The Art school Spektrum, Cph<br \/><strong>1999:<\/strong> Art history, Form\u00a0 analycis, University of Cph<br \/><strong>1998:<\/strong>Teaching pedagogy and practice, University of Cph<br \/><span style=\"font-weight: 400;\"><strong>1989:<\/strong> Holb\u00e6k Kunsth\u00f8jskole, 4 months<\/span><\/p>\n<p>[\/et_pb_accordion_item][\/et_pb_accordion][\/et_pb_column][et_pb_column type=&#8221;1_2&#8243; _builder_version=&#8221;4.27.2&#8243; _module_preset=&#8221;default&#8221; global_colors_info=&#8221;{}&#8221;][et_pb_image src=&#8221;https:\/\/vigdis.dk\/wp-content\/uploads\/2025\/01\/vigdis-hoejskole.jpg&#8221; title_text=&#8221;Vigdis kunsth\u00f8jskole&#8221; _builder_version=&#8221;4.27.7&#8243; _module_preset=&#8221;default&#8221; custom_margin=&#8221;0px||||false|false&#8221; custom_padding=&#8221;0px||||false|false&#8221; global_colors_info=&#8221;{}&#8221;][\/et_pb_image][et_pb_text _builder_version=&#8221;4.27.2&#8243; _module_preset=&#8221;default&#8221; text_font=&#8221;||on||||||&#8221; text_font_size=&#8221;12px&#8221; text_line_height=&#8221;1em&#8221; text_orientation=&#8221;right&#8221; custom_margin=&#8221;-23px||||false|false&#8221; custom_padding=&#8221;0px||||false|false&#8221; global_colors_info=&#8221;{}&#8221;]<\/p>\n<p>V\u00edgdis at Kunsthj\u00f8jskolen in Holb\u00e6k<\/p>\n<p>[\/et_pb_text][\/et_pb_column][\/et_pb_row][et_pb_row column_structure=&#8221;1_2,1_2&#8243; _builder_version=&#8221;4.27.2&#8243; _module_preset=&#8221;default&#8221; custom_padding=&#8221;|||0px||&#8221; global_colors_info=&#8221;{}&#8221;][et_pb_column type=&#8221;1_2&#8243; _builder_version=&#8221;4.27.2&#8243; _module_preset=&#8221;default&#8221; global_colors_info=&#8221;{}&#8221;][et_pb_text _builder_version=&#8221;4.27.7&#8243; _module_preset=&#8221;default&#8221; header_3_font=&#8221;|600|||||||&#8221; header_3_text_color=&#8221;#30b9ce&#8221; header_3_font_size=&#8221;20px&#8221; header_3_letter_spacing=&#8221;1px&#8221; header_4_font=&#8221;|600|||||||&#8221; header_4_font_size=&#8221;17px&#8221; custom_padding=&#8221;25px|25px|25px|25px|true|true&#8221; border_radii=&#8221;on|1px|1px|1px|1px&#8221; border_width_all=&#8221;1px&#8221; border_color_all=&#8221;#d8d8d8&#8243; global_colors_info=&#8221;{}&#8221;]<\/p>\n<h3>Solo exhibitions<\/h3>\n<p><strong>2014<\/strong>; Ministry of Social Affairs and Culture: \u201cSpectrum\u201d, T\u00f3rshavn<br \/><strong>2008<\/strong>: Galleri Smidjan in Litluvik: \u201cJapan, an Artistic Transformation\u201d, T\u00f3rshavn<br \/><strong>2004<\/strong>: Ministry of Culture<br \/><strong>1999<\/strong>: Bistrup Kirke, Birker\u00f8d, Danmark<br \/><strong>1990<\/strong>: Smidjan \u00ed L\u00edtluv\u00edk, T\u00f3rshavn<\/p>\n<p>[\/et_pb_text][\/et_pb_column][et_pb_column type=&#8221;1_2&#8243; _builder_version=&#8221;4.27.2&#8243; _module_preset=&#8221;default&#8221; global_colors_info=&#8221;{}&#8221;][et_pb_image src=&#8221;https:\/\/vigdis.dk\/wp-content\/uploads\/2025\/01\/vigdis-paa-udstilling.jpg&#8221; title_text=&#8221;National Gallery &#8211; Faroe Islands&#8221; src_last_edited=&#8221;off|desktop&#8221; _builder_version=&#8221;4.27.7&#8243; _module_preset=&#8221;default&#8221; global_colors_info=&#8221;{}&#8221;][\/et_pb_image][et_pb_text _builder_version=&#8221;4.27.2&#8243; _module_preset=&#8221;default&#8221; text_font=&#8221;||on||||||&#8221; text_font_size=&#8221;12px&#8221; text_line_height=&#8221;1em&#8221; text_orientation=&#8221;right&#8221; custom_margin=&#8221;-23px||||false|false&#8221; custom_padding=&#8221;0px||||false|false&#8221; global_colors_info=&#8221;{}&#8221;]<\/p>\n<p>National Gallery &#8211; Faroe Islands<\/p>\n<p>[\/et_pb_text][\/et_pb_column][\/et_pb_row][et_pb_row column_structure=&#8221;1_2,1_2&#8243; _builder_version=&#8221;4.27.4&#8243; _module_preset=&#8221;default&#8221; global_colors_info=&#8221;{}&#8221;][et_pb_column type=&#8221;1_2&#8243; _builder_version=&#8221;4.27.2&#8243; _module_preset=&#8221;default&#8221; global_colors_info=&#8221;{}&#8221;][et_pb_accordion open_toggle_text_color=&#8221;#30b9ce&#8221; _builder_version=&#8221;4.27.7&#8243; _module_preset=&#8221;default&#8221; toggle_font=&#8221;|600|||||||&#8221; toggle_font_size=&#8221;20px&#8221; toggle_letter_spacing=&#8221;1px&#8221; custom_margin=&#8221;5px||20px||false|false&#8221; custom_padding=&#8221;10px||0px||false|false&#8221; global_colors_info=&#8221;{}&#8221;][et_pb_accordion_item title=&#8221;Selected group exhibitions&#8221; open=&#8221;on&#8221; content_last_edited=&#8221;off|desktop&#8221; _builder_version=&#8221;4.27.7&#8243; _module_preset=&#8221;default&#8221; custom_margin=&#8221;0px||10px||false|false&#8221; custom_padding=&#8221;||||false|false&#8221; global_colors_info=&#8221;{}&#8221;]<\/p>\n<p><strong>2025<\/strong>: \u201cArt and Music\u201d North Atlantic House, Cph<br \/><strong>2025<\/strong>: Gallary Havnar\u00e1: Self portrait,Torshavn<br \/><strong>2005<\/strong>: Round Tower: &#8220;Gold &#8211; Glass &#8211; Gummy &#8211; Recycling <br \/><strong>1999<\/strong>: Den Frie museum, Cph<\/p>\n<p>[\/et_pb_accordion_item][et_pb_accordion_item title=&#8221;Group exhibitions&#8221; _builder_version=&#8221;4.27.7&#8243; _module_preset=&#8221;default&#8221; global_colors_info=&#8221;{}&#8221; open=&#8221;off&#8221;]<\/p>\n<p><strong>2025<\/strong>: \u201cArt and Music\u201d North Atlantic House, Cph<br \/><strong>2025<\/strong>: Gallary Havnar\u00e1: Self portrait, Torshavn<br \/><strong>2025<\/strong>: The sail ceiling, J\u00f3ans\u00f8ka, Tv\u00f8royri, Faroe Islands<br \/><strong>2024<\/strong>: \u201cArt and Music\u201d The national gallery, T\u00f3rshavn<br \/><strong>2015<\/strong>: The Faroese house, Cph<br \/><strong>2015<\/strong>: &#8220;Quindces in art&#8221; The National Gallery, Torshavn<br \/><strong>2014<\/strong>: The national hospital, Cph<br \/><strong>2014<\/strong>: Ignatius art school, Cph<br \/><strong>2014<\/strong>: Art 2100, Cph<br \/><strong>2013<\/strong>: Art association, Birker\u00f8d, Denmark<br \/><strong>2008<\/strong>: Heltborg Museum, Thisted, Denmark<br \/><strong>2006<\/strong>: Gallery Lars Borella, Danmark<br \/><strong>2005<\/strong>: The town hall,Cph<br \/><strong>2005<\/strong>: North Atlantic House: \u201cNew room &#8211; New dimension\u201d, Cph<br \/><strong>2005<\/strong>: Round tower: \u201cGull &#8211; Glas &#8211; Gummi &#8211; Endurn\u00fdtsla\u201d<br \/><strong>2004<\/strong>: The Nordic House, T\u00f3rshavn<br \/><strong>2004<\/strong>: Ministry of Foreign Affairs, Cph<br \/><strong>2000<\/strong>: Gallery Smidjan \u00ed Litluvik, T\u00f3rshavn<br \/><strong>1999<\/strong>: Den Frie museum, Cph<br \/><strong>1998<\/strong>: The national gallery: Contrast, T\u00f3rshavn<\/p>\n<p>[\/et_pb_accordion_item][\/et_pb_accordion][\/et_pb_column][et_pb_column type=&#8221;1_2&#8243; _builder_version=&#8221;4.27.2&#8243; _module_preset=&#8221;default&#8221; global_colors_info=&#8221;{}&#8221;][et_pb_image src=&#8221;http:\/\/art.vigdis.dk\/wp-content\/uploads\/2024\/11\/RotundesFormo2.jpg&#8221; title_text=&#8221;RotundesFormo2&#8243; src_last_edited=&#8221;off|desktop&#8221; _builder_version=&#8221;4.27.7&#8243; _module_preset=&#8221;default&#8221; global_colors_info=&#8221;{}&#8221;][\/et_pb_image][et_pb_text _builder_version=&#8221;4.27.5&#8243; _module_preset=&#8221;default&#8221; text_font=&#8221;||on||||||&#8221; text_font_size=&#8221;12px&#8221; text_line_height=&#8221;1em&#8221; text_orientation=&#8221;right&#8221; custom_margin=&#8221;-23px||||false|false&#8221; custom_padding=&#8221;0px||||false|false&#8221; global_colors_info=&#8221;{}&#8221;]<\/p>\n<p>Rotundes formo &#8211; sculptural ceramics<\/p>\n<p>[\/et_pb_text][\/et_pb_column][\/et_pb_row][et_pb_row column_structure=&#8221;1_2,1_2&#8243; _builder_version=&#8221;4.27.4&#8243; _module_preset=&#8221;default&#8221; global_colors_info=&#8221;{}&#8221;][et_pb_column type=&#8221;1_2&#8243; _builder_version=&#8221;4.27.2&#8243; _module_preset=&#8221;default&#8221; global_colors_info=&#8221;{}&#8221;][et_pb_text _builder_version=&#8221;4.27.7&#8243; _module_preset=&#8221;default&#8221; header_3_font=&#8221;|600|||||||&#8221; header_3_text_color=&#8221;#30b9ce&#8221; header_3_font_size=&#8221;20px&#8221; header_3_letter_spacing=&#8221;1px&#8221; header_4_font=&#8221;|600|||||||&#8221; header_4_font_size=&#8221;17px&#8221; custom_padding=&#8221;25px|25px|25px|25px|true|true&#8221; border_radii=&#8221;on|1px|1px|1px|1px&#8221; border_width_all=&#8221;1px&#8221; border_color_all=&#8221;#d8d8d8&#8243; global_colors_info=&#8221;{}&#8221;]<\/p>\n<h3>Stipends<\/h3>\n<p><strong>2008:<\/strong> Art Entrepreneur Scolarship. The Cultural Foundation, Faroe Islands<br \/><strong>2007<\/strong>: Art Entrepreneur Scolarship. The Cultural Foundation, Faroe Islands<br \/><strong>2006:<\/strong>Ministry of Culture: Artist-in-Residence in Japan<br \/><strong>2004:<\/strong> The Cultural Foundation, two months off work, Faroe Islands<\/p>\n<p>[\/et_pb_text][\/et_pb_column][et_pb_column type=&#8221;1_2&#8243; _builder_version=&#8221;4.27.2&#8243; _module_preset=&#8221;default&#8221; global_colors_info=&#8221;{}&#8221;][et_pb_image src=&#8221;http:\/\/art.vigdis.dk\/wp-content\/uploads\/2025\/01\/Kanna.jpg&#8221; title_text=&#8221;Jar &#8211; Ceramic&#8221; _builder_version=&#8221;4.27.2&#8243; _module_preset=&#8221;default&#8221; global_colors_info=&#8221;{}&#8221;][\/et_pb_image][et_pb_text _builder_version=&#8221;4.27.2&#8243; _module_preset=&#8221;default&#8221; text_font=&#8221;||on||||||&#8221; text_font_size=&#8221;12px&#8221; text_line_height=&#8221;1em&#8221; text_orientation=&#8221;right&#8221; custom_margin=&#8221;-23px||||false|false&#8221; custom_padding=&#8221;0px||||false|false&#8221; global_colors_info=&#8221;{}&#8221;]<\/p>\n<p>Jar &#8211; made in ceramics<\/p>\n<p>[\/et_pb_text][\/et_pb_column][\/et_pb_row][et_pb_row column_structure=&#8221;1_2,1_2&#8243; _builder_version=&#8221;4.27.2&#8243; _module_preset=&#8221;default&#8221; global_colors_info=&#8221;{}&#8221;][et_pb_column type=&#8221;1_2&#8243; _builder_version=&#8221;4.27.2&#8243; _module_preset=&#8221;default&#8221; global_colors_info=&#8221;{}&#8221;][et_pb_accordion open_toggle_text_color=&#8221;#30b9ce&#8221; _builder_version=&#8221;4.27.4&#8243; _module_preset=&#8221;default&#8221; toggle_font=&#8221;|600|||||||&#8221; toggle_font_size=&#8221;20px&#8221; toggle_letter_spacing=&#8221;1px&#8221; custom_margin=&#8221;5px||20px||false|false&#8221; custom_padding=&#8221;10px||0px||false|false&#8221; global_colors_info=&#8221;{}&#8221;][et_pb_accordion_item title=&#8221;Selected experiences and freelance work&#8221; open=&#8221;on&#8221; content_last_edited=&#8221;off|desktop&#8221; _builder_version=&#8221;4.27.4&#8243; _module_preset=&#8221;default&#8221; custom_margin=&#8221;0px||10px||false|false&#8221; custom_padding=&#8221;||||false|false&#8221; global_colors_info=&#8221;{}&#8221;]<\/p>\n<p><strong>2010<\/strong>: The Environmental Award in ceramic to T\u00f3rshavn\u00b4s city hall, kotlum.com &#8211; Winner<br \/><strong>2006<\/strong>: Artist-in-Residence: Institute of Ceramic Studies; Shigaraki, Japan<br \/><strong>2004<\/strong>: AME awards in ceramic for the kvf.fo for the musicians on Faroe Islands<br \/><strong>1997<\/strong>: Represented at the Faroe Islands National Gallery<\/p>\n<p>[\/et_pb_accordion_item][et_pb_accordion_item title=&#8221;Various experiences and freelance work&#8221; _builder_version=&#8221;4.27.4&#8243; _module_preset=&#8221;default&#8221; global_colors_info=&#8221;{}&#8221; open=&#8221;off&#8221;]<\/p>\n<p><strong>2025<\/strong>: Studio: Kirkjubrekkan 14<br \/><strong>2025<\/strong>: Membership: mynd.fo and in the activity group<br \/><strong>2024<\/strong>: Spring exhibition since 1990, The national gallery, T\u00f3rshavn<br \/><strong>2015<\/strong>: Idea and concept developer: \u201cGrind in Curry\u201d<br \/><strong>2015<\/strong>: Ignatius Art school since 2014, Kbh<br \/><strong>2010<\/strong>: The Environmental Award in ceramic to T\u00f3rshavn\u00b4s city hall, kotlum.com &#8211; Winner<br \/><strong>2010<\/strong>: Web squid at the University of the Faroe Islands since 2008<br \/><strong>2007<\/strong>: Independent business since 2001<br \/><strong>2006<\/strong>: Artist-in-Residence: Institute of Ceramic Studies; Shigaraki, Japan<br \/><strong>2005<\/strong>: Sold \u201cParis\u201d for decoration of the Ministry of Foreign Affairs on Faroe Islands<br \/><strong>2005<\/strong>: Jury: for people between 13-19 years old: Youth Spring Salon, Town Hallt, Cph.<br \/><strong>2005<\/strong>: Artist-in-Residence: Fondation Danoise, Paris<br \/><strong>2004<\/strong>: AME awards in ceramic for the kvf.fo for the musicians on Faroe Islands<br \/><strong>1997<\/strong>: Represented at the Faroe Islands National Gallery<br \/><strong>1997<\/strong>: Artist-in-Residence: Rom: Research for exhibitions<br \/><strong>1997<\/strong>: Artist-in-Residence: Lithuania: \u201cBlack Ceramics\u201d<br \/><strong>1995<\/strong>: Co-leader in a workshop on a train: Magdebourg, Prag, Luxenbourg &amp; Strasbourg<\/p>\n<p>[\/et_pb_accordion_item][\/et_pb_accordion][\/et_pb_column][et_pb_column type=&#8221;1_2&#8243; _builder_version=&#8221;4.27.2&#8243; _module_preset=&#8221;default&#8221; global_colors_info=&#8221;{}&#8221;][et_pb_image src=&#8221;https:\/\/vigdis.dk\/wp-content\/uploads\/2025\/01\/Vigdis-ung.jpg&#8221; title_text=&#8221;Vigdis&#8221; _builder_version=&#8221;4.27.7&#8243; _module_preset=&#8221;default&#8221; global_colors_info=&#8221;{}&#8221;][\/et_pb_image][et_pb_text _builder_version=&#8221;4.27.2&#8243; _module_preset=&#8221;default&#8221; text_font=&#8221;||on||||||&#8221; text_font_size=&#8221;12px&#8221; text_line_height=&#8221;1em&#8221; text_orientation=&#8221;right&#8221; custom_margin=&#8221;-23px||||false|false&#8221; custom_padding=&#8221;0px||||false|false&#8221; global_colors_info=&#8221;{}&#8221;]<\/p>\n<p>V\u00edgdis<\/p>\n<p>[\/et_pb_text][\/et_pb_column][\/et_pb_row][\/et_pb_section]<\/p>\n","protected":false},"excerpt":{"rendered":"<p>About\u00a0The artist V\u00edgdis Petersen Hoegagard has regularly through her professional life, which consists of very varied artistic activities, returned to a minimalist style where she concentrates on the exploration of pure form. These \u00b4minimalist stages` the artist herself describes as an attempt to reset the mind, purify the mind and open up for new movements, [&hellip;]<\/p>\n","protected":false},"author":1,"featured_media":0,"parent":0,"menu_order":0,"comment_status":"closed","ping_status":"closed","template":"","meta":{"_et_pb_use_builder":"on","_et_pb_old_content":"","_et_gb_content_width":"","_monsterinsights_skip_tracking":false,"footnotes":""},"class_list":["post-307","page","type-page","status-publish","hentry"],"yoast_head":"<!-- This site is optimized with the Yoast SEO plugin v28.2 - https:\/\/yoast.com\/product\/yoast-seo-wordpress\/ -->\n<title>About - V\u00edgdis Petersen H\u00f8gagar\u00f0<\/title>\n<meta name=\"description\" content=\"V\u00edgdis Petersen H\u00f8gagard\u2019s minimalist art, where pure form meets light, depth, and emotion in her acclaimed Lumina and Kv\u00e6\u00f0abrot series.\" \/>\n<meta name=\"robots\" content=\"index, follow, max-snippet:-1, max-image-preview:large, max-video-preview:-1\" \/>\n<link rel=\"canonical\" href=\"https:\/\/vigdis.dk\/da\/about\/\" \/>\n<meta property=\"og:locale\" content=\"da_DK\" \/>\n<meta property=\"og:type\" content=\"article\" \/>\n<meta property=\"og:title\" content=\"About - V\u00edgdis Petersen H\u00f8gagar\u00f0\" \/>\n<meta property=\"og:description\" content=\"V\u00edgdis Petersen H\u00f8gagard\u2019s minimalist art, where pure form meets light, depth, and emotion in her acclaimed Lumina and Kv\u00e6\u00f0abrot series.\" \/>\n<meta property=\"og:url\" content=\"https:\/\/vigdis.dk\/da\/about\/\" \/>\n<meta property=\"og:site_name\" content=\"V\u00edgdis Petersen H\u00f8gagar\u00f0\" \/>\n<meta property=\"article:publisher\" content=\"https:\/\/www.facebook.com\/vigdis.petersen.7\" \/>\n<meta property=\"article:modified_time\" content=\"2026-08-13T11:23:39+00:00\" \/>\n<meta name=\"twitter:card\" content=\"summary_large_image\" \/>\n<meta name=\"twitter:label1\" content=\"Estimeret l\u00e6setid\" \/>\n\t<meta name=\"twitter:data1\" content=\"6 minutter\" \/>\n<script type=\"application\/ld+json\" class=\"yoast-schema-graph\">{\"@context\":\"https:\\\/\\\/schema.org\",\"@graph\":[{\"@type\":\"WebPage\",\"@id\":\"https:\\\/\\\/vigdis.dk\\\/about\\\/\",\"url\":\"https:\\\/\\\/vigdis.dk\\\/about\\\/\",\"name\":\"About - V\u00edgdis Petersen H\u00f8gagar\u00f0\",\"isPartOf\":{\"@id\":\"https:\\\/\\\/art.vigdis.dk\\\/#website\"},\"datePublished\":\"2024-11-03T16:26:48+00:00\",\"dateModified\":\"2026-08-13T11:23:39+00:00\",\"description\":\"V\u00edgdis Petersen H\u00f8gagard\u2019s minimalist art, where pure form meets light, depth, and emotion in her acclaimed Lumina and Kv\u00e6\u00f0abrot series.\",\"breadcrumb\":{\"@id\":\"https:\\\/\\\/vigdis.dk\\\/about\\\/#breadcrumb\"},\"inLanguage\":\"da-DK\",\"potentialAction\":[{\"@type\":\"ReadAction\",\"target\":[\"https:\\\/\\\/vigdis.dk\\\/about\\\/\"]}]},{\"@type\":\"BreadcrumbList\",\"@id\":\"https:\\\/\\\/vigdis.dk\\\/about\\\/#breadcrumb\",\"itemListElement\":[{\"@type\":\"ListItem\",\"position\":1,\"name\":\"Hjem\",\"item\":\"https:\\\/\\\/vigdis.dk\\\/\"},{\"@type\":\"ListItem\",\"position\":2,\"name\":\"About\"}]},{\"@type\":\"WebSite\",\"@id\":\"https:\\\/\\\/art.vigdis.dk\\\/#website\",\"url\":\"https:\\\/\\\/art.vigdis.dk\\\/\",\"name\":\"vigdis\",\"description\":\"\",\"publisher\":{\"@id\":\"https:\\\/\\\/art.vigdis.dk\\\/#\\\/schema\\\/person\\\/bcdcf8b80295bca191e4bc621d3c247a\"},\"potentialAction\":[{\"@type\":\"SearchAction\",\"target\":{\"@type\":\"EntryPoint\",\"urlTemplate\":\"https:\\\/\\\/art.vigdis.dk\\\/?s={search_term_string}\"},\"query-input\":{\"@type\":\"PropertyValueSpecification\",\"valueRequired\":true,\"valueName\":\"search_term_string\"}}],\"inLanguage\":\"da-DK\"},{\"@type\":[\"Person\",\"Organization\"],\"@id\":\"https:\\\/\\\/art.vigdis.dk\\\/#\\\/schema\\\/person\\\/bcdcf8b80295bca191e4bc621d3c247a\",\"name\":\"Vigdis\",\"image\":{\"@type\":\"ImageObject\",\"inLanguage\":\"da-DK\",\"@id\":\"https:\\\/\\\/secure.gravatar.com\\\/avatar\\\/a9b1cd58047ff49cf9549282577701e3c7c138f4d5de57cca4cbb66c62a59153?s=96&d=mm&r=g\",\"url\":\"https:\\\/\\\/secure.gravatar.com\\\/avatar\\\/a9b1cd58047ff49cf9549282577701e3c7c138f4d5de57cca4cbb66c62a59153?s=96&d=mm&r=g\",\"contentUrl\":\"https:\\\/\\\/secure.gravatar.com\\\/avatar\\\/a9b1cd58047ff49cf9549282577701e3c7c138f4d5de57cca4cbb66c62a59153?s=96&d=mm&r=g\",\"caption\":\"Vigdis\"},\"logo\":{\"@id\":\"https:\\\/\\\/secure.gravatar.com\\\/avatar\\\/a9b1cd58047ff49cf9549282577701e3c7c138f4d5de57cca4cbb66c62a59153?s=96&d=mm&r=g\"},\"sameAs\":[\"https:\\\/\\\/www.facebook.com\\\/vigdis.petersen.7\",\"https:\\\/\\\/www.instagram.com\\\/vigdis_p_h\\\/\",\"https:\\\/\\\/www.linkedin.com\\\/in\\\/vigdispetersen\\\/\"]}]}<\/script>\n<!-- \/ Yoast SEO plugin. -->","yoast_head_json":{"title":"About - V\u00edgdis Petersen H\u00f8gagar\u00f0","description":"V\u00edgdis Petersen H\u00f8gagard\u2019s minimalist art, where pure form meets light, depth, and emotion in her acclaimed Lumina and Kv\u00e6\u00f0abrot series.","robots":{"index":"index","follow":"follow","max-snippet":"max-snippet:-1","max-image-preview":"max-image-preview:large","max-video-preview":"max-video-preview:-1"},"canonical":"https:\/\/vigdis.dk\/da\/about\/","og_locale":"da_DK","og_type":"article","og_title":"About - V\u00edgdis Petersen H\u00f8gagar\u00f0","og_description":"V\u00edgdis Petersen H\u00f8gagard\u2019s minimalist art, where pure form meets light, depth, and emotion in her acclaimed Lumina and Kv\u00e6\u00f0abrot series.","og_url":"https:\/\/vigdis.dk\/da\/about\/","og_site_name":"V\u00edgdis Petersen H\u00f8gagar\u00f0","article_publisher":"https:\/\/www.facebook.com\/vigdis.petersen.7","article_modified_time":"2026-08-13T11:23:39+00:00","twitter_card":"summary_large_image","twitter_misc":{"Estimeret l\u00e6setid":"6 minutter"},"schema":{"@context":"https:\/\/schema.org","@graph":[{"@type":"WebPage","@id":"https:\/\/vigdis.dk\/about\/","url":"https:\/\/vigdis.dk\/about\/","name":"About - V\u00edgdis Petersen H\u00f8gagar\u00f0","isPartOf":{"@id":"https:\/\/art.vigdis.dk\/#website"},"datePublished":"2024-11-03T16:26:48+00:00","dateModified":"2026-08-13T11:23:39+00:00","description":"V\u00edgdis Petersen H\u00f8gagard\u2019s minimalist art, where pure form meets light, depth, and emotion in her acclaimed Lumina and Kv\u00e6\u00f0abrot series.","breadcrumb":{"@id":"https:\/\/vigdis.dk\/about\/#breadcrumb"},"inLanguage":"da-DK","potentialAction":[{"@type":"ReadAction","target":["https:\/\/vigdis.dk\/about\/"]}]},{"@type":"BreadcrumbList","@id":"https:\/\/vigdis.dk\/about\/#breadcrumb","itemListElement":[{"@type":"ListItem","position":1,"name":"Hjem","item":"https:\/\/vigdis.dk\/"},{"@type":"ListItem","position":2,"name":"About"}]},{"@type":"WebSite","@id":"https:\/\/art.vigdis.dk\/#website","url":"https:\/\/art.vigdis.dk\/","name":"vigdis","description":"","publisher":{"@id":"https:\/\/art.vigdis.dk\/#\/schema\/person\/bcdcf8b80295bca191e4bc621d3c247a"},"potentialAction":[{"@type":"SearchAction","target":{"@type":"EntryPoint","urlTemplate":"https:\/\/art.vigdis.dk\/?s={search_term_string}"},"query-input":{"@type":"PropertyValueSpecification","valueRequired":true,"valueName":"search_term_string"}}],"inLanguage":"da-DK"},{"@type":["Person","Organization"],"@id":"https:\/\/art.vigdis.dk\/#\/schema\/person\/bcdcf8b80295bca191e4bc621d3c247a","name":"Vigdis","image":{"@type":"ImageObject","inLanguage":"da-DK","@id":"https:\/\/secure.gravatar.com\/avatar\/a9b1cd58047ff49cf9549282577701e3c7c138f4d5de57cca4cbb66c62a59153?s=96&d=mm&r=g","url":"https:\/\/secure.gravatar.com\/avatar\/a9b1cd58047ff49cf9549282577701e3c7c138f4d5de57cca4cbb66c62a59153?s=96&d=mm&r=g","contentUrl":"https:\/\/secure.gravatar.com\/avatar\/a9b1cd58047ff49cf9549282577701e3c7c138f4d5de57cca4cbb66c62a59153?s=96&d=mm&r=g","caption":"Vigdis"},"logo":{"@id":"https:\/\/secure.gravatar.com\/avatar\/a9b1cd58047ff49cf9549282577701e3c7c138f4d5de57cca4cbb66c62a59153?s=96&d=mm&r=g"},"sameAs":["https:\/\/www.facebook.com\/vigdis.petersen.7","https:\/\/www.instagram.com\/vigdis_p_h\/","https:\/\/www.linkedin.com\/in\/vigdispetersen\/"]}]}},"_links":{"self":[{"href":"https:\/\/vigdis.dk\/da\/wp-json\/wp\/v2\/pages\/307","targetHints":{"allow":["GET"]}}],"collection":[{"href":"https:\/\/vigdis.dk\/da\/wp-json\/wp\/v2\/pages"}],"about":[{"href":"https:\/\/vigdis.dk\/da\/wp-json\/wp\/v2\/types\/page"}],"author":[{"embeddable":true,"href":"https:\/\/vigdis.dk\/da\/wp-json\/wp\/v2\/users\/1"}],"replies":[{"embeddable":true,"href":"https:\/\/vigdis.dk\/da\/wp-json\/wp\/v2\/comments?post=307"}],"version-history":[{"count":15,"href":"https:\/\/vigdis.dk\/da\/wp-json\/wp\/v2\/pages\/307\/revisions"}],"predecessor-version":[{"id":1374,"href":"https:\/\/vigdis.dk\/da\/wp-json\/wp\/v2\/pages\/307\/revisions\/1374"}],"wp:attachment":[{"href":"https:\/\/vigdis.dk\/da\/wp-json\/wp\/v2\/media?parent=307"}],"curies":[{"name":"wp","href":"https:\/\/api.w.org\/{rel}","templated":true}]}}